{"id":47011,"date":"2026-04-25T15:46:05","date_gmt":"2026-04-25T12:46:05","guid":{"rendered":"https:\/\/kilosorunum.com\/habercim\/wp-content\/uploads\/2026\/04\/1-286.jpg"},"modified":"2026-04-25T15:48:05","modified_gmt":"2026-04-25T12:48:05","slug":"1-6021","status":"inherit","type":"attachment","link":"https:\/\/kilosorunum.com\/habercim\/foto-galeri\/annesi-anlatti\/attachment\/1-6021\/","title":{"rendered":"Annesi Anlatt\u0131"},"author":2,"comment_status":"open","ping_status":"closed","template":"","meta":[],"description":{"rendered":"<p class=\"attachment\"><a href='https:\/\/kilosorunum.com\/habercim\/wp-content\/uploads\/2026\/04\/1-286.jpg'><img width=\"300\" height=\"169\" src=\"https:\/\/kilosorunum.com\/habercim\/wp-content\/uploads\/2026\/04\/1-286-300x169.jpg\" class=\"attachment-medium size-medium\" alt=\"\" loading=\"lazy\" srcset=\"https:\/\/kilosorunum.com\/habercim\/wp-content\/uploads\/2026\/04\/1-286-300x169.jpg 300w, https:\/\/kilosorunum.com\/habercim\/wp-content\/uploads\/2026\/04\/1-286-1024x576.jpg 1024w, https:\/\/kilosorunum.com\/habercim\/wp-content\/uploads\/2026\/04\/1-286-768x432.jpg 768w, https:\/\/kilosorunum.com\/habercim\/wp-content\/uploads\/2026\/04\/1-286.jpg 1200w\" sizes=\"(max-width: 300px) 100vw, 300px\" \/><\/a><\/p>\n"},"caption":{"rendered":"<p>Okulda 9 ki\u015fiyi \u00f6ld\u00fcren \u0130sa Aras Mersinli&#8217;nin annesi &#8216;ihmal&#8217; iddialar\u0131n\u0131 reddetti: Psikiyatri klini\u011finin raporlar\u0131 sorumluluk i\u00e7inde oldu\u011fumuzun kan\u0131t\u0131d\u0131r&#8230;<br \/>\nKahramanmara\u015f\u2019ta okula d\u00fczenledi\u011fi silahl\u0131 sald\u0131r\u0131yla 9 ki\u015fiyi \u00f6ld\u00fcren 14 ya\u015f\u0131ndaki \u0130sa Aras Mersinli\u2019nin \u2018taksirle \u00f6l\u00fcme neden olma&#8217; su\u00e7undan tutuklanan \u00f6\u011fretmen annesi Peyman P\u0131nar Mersinli, savc\u0131l\u0131k ifadesinde, \u00e7ocu\u011fuyla aile i\u00e7i ileti\u015fimlerinin zay\u0131f oldu\u011funu, tedavi edilmesi i\u00e7in kendisinin bir e\u011fitimci olarak \u00f6zeni g\u00f6sterdi\u011fini ancak ba\u015far\u0131l\u0131 olamad\u0131\u011f\u0131n\u0131 s\u00f6yledi. Anne Mersinli, ba\u015fsavc\u0131l\u0131k a\u00e7\u0131klamas\u0131nda iki ayr\u0131 uzman\u0131n da &#8220;Tedaviye ihtiya\u00e7 var&#8221; demesine ancak annenin ihmal etti\u011fine ili\u015fkin iddialar\u0131 ise redderek, &#8220;O\u011flumun sa\u011fl\u0131k kurulu\u015flar\u0131ndan al\u0131nan tedavi s\u00fcreciyle ilgili psikiyatri klini\u011fince tutulan raporlar ve i\u00e7erikler do\u011frudur. Bu da bizim ona kar\u015f\u0131 ne denli sorumluluk i\u00e7inde oldu\u011fumuzun kan\u0131t\u0131d\u0131r&#8221; dedi.<br \/>\n\u0130sa Aras Mersinli\u2019nin 15 Nisan\u2019da Ayser \u00c7al\u0131k Ortaokulu\u2019na babas\u0131na ait 5 silah ve 7 \u015farj\u00f6rle ger\u00e7ekle\u015ftirdi\u011fi silahl\u0131 sald\u0131r\u0131da 1\u2019i \u00f6\u011fretmen 9 ki\u015fiyi \u00f6ld\u00fcrmesiyle ilgili ba\u015flat\u0131lan soru\u015fturma kapsam\u0131nda g\u00f6zalt\u0131na al\u0131nan baba polis ba\u015fm\u00fcfetti\u015fi U\u011fur Mersinli 16 Nisan\u2019da tutuklan\u0131rken, anne T\u00fcrk Dili ve Edebiyat \u00d6\u011fretmeni Peyman P\u0131nar Mersinli ise serbest b\u0131rak\u0131ld\u0131.<br \/>\n\u0130ddiaya g\u00f6re soru\u015fturma kapsam\u0131nda bug\u00fcn Peyman P\u0131nar Mersinli hakk\u0131nda tekrar g\u00f6zalt\u0131 karar\u0131 verildi. Mersinli, Elaz\u0131\u011f\u2019da tutuklu e\u015fi U\u011fur Mersinli\u2019yi cezaevinde ziyaretten d\u00f6nerken polis taraf\u0131ndan g\u00f6zalt\u0131na al\u0131nd\u0131. Mersinli, SEGB\u0130S ile Kahramanmara\u015f Adliyesi\u2019ne ba\u011fland\u0131\u011f\u0131 h\u00e2kimlik\u00e7e \u2018taksirle \u00f6l\u00fcme neden olma\u2019 su\u00e7undan tutuklanarak cezaevine g\u00f6nderildi.<\/p>\n<p>Kahramanmara\u015f Cumhuriyet Ba\u015fsavc\u0131l\u0131\u011f\u0131&#8217;ndan yap\u0131lan a\u00e7\u0131klamada, iki farkl\u0131 kurumda g\u00f6revli psikologlar\u0131n olaydan \u00f6nce failin \u00e7ocuk psikiyatrisi deste\u011fine ihtiya\u00e7 duydu\u011funu belirtti\u011fi ancak annenin \u00f6nerileri dikkate almad\u0131\u011f\u0131 belirtilerek, &#8220;S\u00f6z konusu t\u0131bbi deste\u011fe y\u00f6nelik psikiyatri polikliniklerine m\u00fcracaatta bulunmad\u0131\u011f\u0131 ve bu \u015fekilde failin \u00f6l\u00fcm ve yaralama eylemlerini ger\u00e7ekle\u015ftirmesine sebebiyet verdi\u011fi de\u011ferlendirilen psikolojik rahats\u0131zl\u0131klar\u0131n\u0131n tedavisindeki sorumluluklar\u0131nda ihmal g\u00f6sterdi\u011fi tespit olunmu\u015ftur&#8221; denildi.<\/p>\n<p>Okul katliam\u0131 faili \u0130sa Aras Mersinli&#8217;nin s\u0131n\u0131f arkada\u015f\u0131: Ge\u00e7mi\u015fte kendini bo\u011fmaya \u00e7al\u0131\u015fm\u0131\u015ft\u0131; arkada\u015flar\u0131na sald\u0131r\u0131 yapaca\u011f\u0131n\u0131 s\u00f6ylemi\u015f!<\/p>\n<p>Nefes&#8217;ten \u00d6zg\u00fcr Cebe&#8217;nin haberine g\u00f6re, tutuklanan anne ifadesinde, psikologlar\u0131n ve rehber \u00f6\u011fretmenin tedavi \u00f6nerilerini dikkate almad\u0131\u011f\u0131 iddialar\u0131n\u0131 da kabul etmeyerek \u015funlar\u0131 s\u00f6yledi:<\/p>\n<p>&#8220;Her \u015feyden \u00f6nce anneli\u011fimin yan\u0131 s\u0131ra bir e\u011fitimciyim. Dolay\u0131s\u0131yla bir annenin \u00e7ocu\u011funa kar\u015f\u0131 nas\u0131l davranmas\u0131 gerekti\u011fini bilecek e\u011fitime, bilgi ve bereciye sahibim. Olanlardan dolay\u0131 \u00e7ok \u00fczg\u00fcn\u00fcm. Evde birden fazla silah bulundurulmas\u0131 tamamen e\u015fimin emniyet m\u00fcd\u00fcr\u00fc olmas\u0131yla alakal\u0131d\u0131r. Ancak bu silahlar\u0131n kesinlikle o\u011flumun kolayl\u0131kla ula\u015fabilece\u011fi a\u00e7\u0131kta de\u011fildi. Sand\u0131k i\u00e7inde muhafaza alt\u0131ndayd\u0131. Sadece babas\u0131n\u0131n g\u00f6zetiminde onunla birlikte bakabiliyordu ve at\u0131\u015fa gidiyordu.<\/p>\n<p>O\u011flumun sa\u011fl\u0131k kurulu\u015flar\u0131ndan al\u0131nan tedavi s\u00fcreciyle ilgili psikiyatri klini\u011fince tutulan raporlar ve i\u00e7erikler do\u011frudur. Bu da bizim ona kar\u015f\u0131 ne denli sorumluluk i\u00e7inde oldu\u011fumuzun kan\u0131t\u0131d\u0131r. Ancak tedaviyi geri \u00e7evirdi\u011fimiz, t\u0131bbi deste\u011fe ihtiyac\u0131 oldu\u011fu halde bu \u00f6nerileri dikkate almad\u0131\u011f\u0131m\u0131z iddialar\u0131n\u0131 kabul etmiyorum.&#8221;<\/p>\n<p>Kahramanmara\u015f&#8217;taki okul sald\u0131r\u0131s\u0131 failinin babas\u0131 hakk\u0131nda iddia: &#8220;\u00c7ete ve r\u00fc\u015fvet&#8221; su\u00e7lamas\u0131yla tutuklan\u0131p yarg\u0131 karar\u0131yla g\u00f6reve d\u00f6nd\u00fc. Baba da benzer ifade vermi\u015fti: Psikolog &#8216;tedavi gerekebilir&#8217; dedi<br \/>\n14 ya\u015f\u0131ndaki \u0130sa Aras Mersinli&#8217;nin tutuklanan 1. S\u0131n\u0131f Emniyet M\u00fcd\u00fcr\u00fc Polis Ba\u015fm\u00fcfetti\u015fi babas\u0131 U\u011fur Mersinli ide fadesinde, &#8220;O\u011flumun tipik ergenlik ve s\u0131nav sorunlar\u0131, stresleri bulunmaktayd\u0131, o\u011flumu bu durum nedeniyle emniyetteki psikolog arkada\u015flara g\u00f6t\u00fcrd\u00fcm ancak emniyetteki psikolog arkada\u015flar olumsuz bir durumun olmad\u0131\u011f\u0131n\u0131 o\u011flumun \u00e7ok zeki oldu\u011funu s\u00f6ylediler&#8221; dedi. Baba, o\u011flunu bir ba\u015fka psikolo\u011fa g\u00f6t\u00fcrd\u00fc\u011f\u00fcn\u00fc, psikolo\u011fun &#8220;Takip edilmesi gerekiyor, ilerleyen zamanlarda psikiyatrik tedavi gerekebilir&#8221; dedi\u011fini aktard\u0131. <\/p>\n<p>O\u011flunun son d\u00f6nemde silahlara merak\u0131n\u0131n ba\u015flad\u0131\u011f\u0131n\u0131 s\u00f6yleyen Mersinli, &#8220;Emekli oldu\u011fumda kendisine silahlardan bir tanesini b\u0131rakaca\u011f\u0131m\u0131 s\u00f6yledim, bu s\u00f6ylemdeki kast\u0131m o\u011flumun silaha kar\u015f\u0131 hevesini \u00f6telemekti&#8221; diye konu\u015ftu. Mersinli, pazartesi g\u00fcn\u00fc o\u011flunun iste\u011fi \u00fczerine poligona gittiklerini ve o\u011fluna at\u0131\u015f yapmay\u0131 \u00f6\u011fretti\u011fini s\u00f6yledi.<\/p>\n<p>Mersinli, at\u0131\u015f yap\u0131l\u0131rken \u00e7ocu\u011funu videoya \u00e7ekti\u011fini, \u0130sa Aras Mersinli&#8217;nin bu videoyu arkada\u015flar\u0131na g\u00f6nderdi\u011fini belirtti. Baba Mersinli, evinde yedi tane ta\u015f\u0131ma ruhsatl\u0131 silah\u0131, iki tane de av t\u00fcfe\u011fi oldu\u011funu ve bunlar\u0131 sand\u0131kta muhafaza etti\u011fini s\u00f6yledi. <\/p>\n<p>Kaynak : t24.com.tr<\/p>\n"},"alt_text":"","media_type":"image","mime_type":"image\/jpeg","media_details":{"width":1200,"height":675,"file":"2026\/04\/1-286.jpg","sizes":{"medium":{"file":"1-286-300x169.jpg","width":300,"height":169,"mime_type":"image\/jpeg","source_url":"https:\/\/kilosorunum.com\/habercim\/wp-content\/uploads\/2026\/04\/1-286-300x169.jpg"},"large":{"file":"1-286-1024x576.jpg","width":1024,"height":576,"mime_type":"image\/jpeg","source_url":"https:\/\/kilosorunum.com\/habercim\/wp-content\/uploads\/2026\/04\/1-286-1024x576.jpg"},"thumbnail":{"file":"1-286-150x150.jpg","width":150,"height":150,"mime_type":"image\/jpeg","source_url":"https:\/\/kilosorunum.com\/habercim\/wp-content\/uploads\/2026\/04\/1-286-150x150.jpg"},"medium_large":{"file":"1-286-768x432.jpg","width":768,"height":432,"mime_type":"image\/jpeg","source_url":"https:\/\/kilosorunum.com\/habercim\/wp-content\/uploads\/2026\/04\/1-286-768x432.jpg"},"kucukResim":{"file":"1-286-80x50.jpg","width":80,"height":50,"mime_type":"image\/jpeg","source_url":"https:\/\/kilosorunum.com\/habercim\/wp-content\/uploads\/2026\/04\/1-286-80x50.jpg"},"sliderResim":{"file":"1-286-670x330.jpg","width":670,"height":330,"mime_type":"image\/jpeg","source_url":"https:\/\/kilosorunum.com\/habercim\/wp-content\/uploads\/2026\/04\/1-286-670x330.jpg"},"resim1":{"file":"1-286-184x140.jpg","width":184,"height":140,"mime_type":"image\/jpeg","source_url":"https:\/\/kilosorunum.com\/habercim\/wp-content\/uploads\/2026\/04\/1-286-184x140.jpg"},"resim2":{"file":"1-286-216x103.jpg","width":216,"height":103,"mime_type":"image\/jpeg","source_url":"https:\/\/kilosorunum.com\/habercim\/wp-content\/uploads\/2026\/04\/1-286-216x103.jpg"},"resim3":{"file":"1-286-145x70.jpg","width":145,"height":70,"mime_type":"image\/jpeg","source_url":"https:\/\/kilosorunum.com\/habercim\/wp-content\/uploads\/2026\/04\/1-286-145x70.jpg"},"sagSlider":{"file":"1-286-300x150.jpg","width":300,"height":150,"mime_type":"image\/jpeg","source_url":"https:\/\/kilosorunum.com\/habercim\/wp-content\/uploads\/2026\/04\/1-286-300x150.jpg"},"yeniSlider":{"file":"1-286-500x290.jpg","width":500,"height":290,"mime_type":"image\/jpeg","source_url":"https:\/\/kilosorunum.com\/habercim\/wp-content\/uploads\/2026\/04\/1-286-500x290.jpg"},"full":{"file":"1-286.jpg","width":1200,"height":675,"mime_type":"image\/jpeg","source_url":"https:\/\/kilosorunum.com\/habercim\/wp-content\/uploads\/2026\/04\/1-286.jpg"}},"image_meta":{"aperture":"0","credit":"","camera":"","caption":"","created_timestamp":"0","copyright":"","focal_length":"0","iso":"0","shutter_speed":"0","title":"","orientation":"0","keywords":[]}},"post":47009,"source_url":"https:\/\/kilosorunum.com\/habercim\/wp-content\/uploads\/2026\/04\/1-286.jpg","_links":{"self":[{"href":"https:\/\/kilosorunum.com\/habercim\/wp-json\/wp\/v2\/media\/47011"}],"collection":[{"href":"https:\/\/kilosorunum.com\/habercim\/wp-json\/wp\/v2\/media"}],"about":[{"href":"https:\/\/kilosorunum.com\/habercim\/wp-json\/wp\/v2\/types\/attachment"}],"author":[{"embeddable":true,"href":"https:\/\/kilosorunum.com\/habercim\/wp-json\/wp\/v2\/users\/2"}],"replies":[{"embeddable":true,"href":"https:\/\/kilosorunum.com\/habercim\/wp-json\/wp\/v2\/comments?post=47011"}]}}