{"id":47016,"date":"2026-04-25T18:36:58","date_gmt":"2026-04-25T15:36:58","guid":{"rendered":"https:\/\/kilosorunum.com\/habercim\/wp-content\/uploads\/2026\/04\/1-288.jpg"},"modified":"2026-04-25T18:37:28","modified_gmt":"2026-04-25T15:37:28","slug":"1-6023","status":"inherit","type":"attachment","link":"https:\/\/kilosorunum.com\/habercim\/foto-galeri\/10-il-icin\/attachment\/1-6023\/","title":{"rendered":"10 il i\u00e7in"},"author":2,"comment_status":"open","ping_status":"closed","template":"","meta":[],"description":{"rendered":"<p class=\"attachment\"><a href='https:\/\/kilosorunum.com\/habercim\/wp-content\/uploads\/2026\/04\/1-288.jpg'><img width=\"300\" height=\"169\" src=\"https:\/\/kilosorunum.com\/habercim\/wp-content\/uploads\/2026\/04\/1-288-300x169.jpg\" class=\"attachment-medium size-medium\" alt=\"\" loading=\"lazy\" srcset=\"https:\/\/kilosorunum.com\/habercim\/wp-content\/uploads\/2026\/04\/1-288-300x169.jpg 300w, https:\/\/kilosorunum.com\/habercim\/wp-content\/uploads\/2026\/04\/1-288-1024x576.jpg 1024w, https:\/\/kilosorunum.com\/habercim\/wp-content\/uploads\/2026\/04\/1-288-768x432.jpg 768w, https:\/\/kilosorunum.com\/habercim\/wp-content\/uploads\/2026\/04\/1-288.jpg 1200w\" sizes=\"(max-width: 300px) 100vw, 300px\" \/><\/a><\/p>\n"},"caption":{"rendered":"<p>Deprem uzman\u0131 Prof. Dr. Haluk Eyido\u011fan, kamuoyunda \u201c\u0130stanbul depremi\u201d olarak bilinen riskin asl\u0131nda bir \u201cMarmara depremi\u201d oldu\u011funu vurgulayarak 10 il i\u00e7in kritik uyar\u0131da bulundu. Y\u0131k\u0131m\u0131n sadece fay hatt\u0131yla a\u00e7\u0131klanamayaca\u011f\u0131n\u0131 belirten Eyido\u011fan, \u201cHata yap\u0131daysa deprem onu mutlaka bulur ve y\u0131kar\u201d dedi.<br \/>\nTekirda\u011f B\u00fcy\u00fck\u015fehir Belediyesi taraf\u0131ndan d\u00fczenlenen \u201cAfetlere Dayan\u0131kl\u0131 Tekirda\u011f \u00c7al\u0131\u015ftay\u0131\u201dnda konu\u015fan deprem uzman\u0131 Prof. Dr. Haluk Eyido\u011fan, beklenen b\u00fcy\u00fck felakete dair \u00e7arp\u0131c\u0131 a\u00e7\u0131klamalarda bulundu. Eyido\u011fan, Marmara Denizi\u2019nde meydana gelecek 7 ve \u00fczeri b\u00fcy\u00fckl\u00fckteki bir depremin yaln\u0131zca \u0130stanbul\u2019u de\u011fil, t\u00fcm b\u00f6lgeyi sarsaca\u011f\u0131n\u0131 ifade etti.<br \/>\n\u201c7 \u0130LA 10 \u0130L DO\u011eRUDAN ETK\u0130LENECEK\u201d<br \/>\nKamuoyunda kullan\u0131lan \u201c\u0130stanbul depremi\u201d ifadesinin eksik oldu\u011funu dile getiren Eyido\u011fan, sars\u0131nt\u0131n\u0131n merkezinin Marmara Denizi olaca\u011f\u0131na dikkat \u00e7ekti. Eyido\u011fan, \u201cDeprem \u0130stanbul\u2019un i\u00e7inde de\u011fil, denizin i\u00e7inde olacak. Bu durum, Marmara\u2019ya k\u0131y\u0131s\u0131 olan 7 ila 10 ilin tamam\u0131n\u0131 etkileyecek bir felaket demektir. Bu nedenle s\u00fcreci \u2018Marmara depremi\u2019 olarak okumal\u0131y\u0131z\u201d diye konu\u015ftu.<\/p>\n<p>YIKIM SADECE FAYLA A\u00c7IKLANAMAZ<br \/>\nDeprem b\u00fcy\u00fckl\u00fc\u011f\u00fcn\u00fcn etkileme alan\u0131n\u0131n fay hatt\u0131ndan \u00e7ok daha geni\u015f oldu\u011funu vurgulayan Prof. Dr. Eyido\u011fan, 1999 G\u00f6lc\u00fck depremini hat\u0131rlatarak \u015funlar\u0131 s\u00f6yledi:<\/p>\n<p>\u201c\u0130\u00e7inden fay ge\u00e7en ancak y\u0131k\u0131lmayan, buna kar\u015f\u0131n faydan \u00e7ok uzakta olup yerle bir olan iller var. E\u011fer olay\u0131 sadece faya ba\u011flasayd\u0131k, G\u00f6lc\u00fck merkezli depremde Avc\u0131lar y\u0131k\u0131lmazd\u0131. B\u00fcy\u00fck depremler b\u00f6lge depremleridir; \u015fayet yap\u0131da veya zeminde bir hata varsa, deprem o hatay\u0131 mutlaka bulur ve y\u0131kar.\u201d<\/p>\n<p>YER SE\u00c7\u0130M\u0130 VE DENET\u0130M HAYAT\u0130<br \/>\nHatal\u0131 \u015fehir planlamas\u0131 ve zemin et\u00fcd\u00fc eksikli\u011finin felaketi tetikledi\u011fini belirten Eyido\u011fan, s\u0131v\u0131la\u015fma ve heyelan b\u00f6lgelerinin imara a\u00e7\u0131lmas\u0131n\u0131n en b\u00fcy\u00fck yanl\u0131\u015f oldu\u011funu s\u00f6yledi. \u0130n\u015faat s\u00fcrecindeki eksikliklere de de\u011finen Eyido\u011fan, \u201cOlumsuz yerlere yerle\u015fmek birinci hata, buralar\u0131 imara a\u00e7mak ikinci hata. Yap\u0131 \u00fcretim s\u00fcrecindeki bu zincirleme yanl\u0131\u015flar bir araya gelince, depremden kurtulu\u015f \u00fcmidi kalm\u0131yor\u201d diyerek etkin denetim \u00e7a\u011fr\u0131s\u0131nda bulundu.<\/p>\n<p>Kaynak : birgun.net<\/p>\n"},"alt_text":"","media_type":"image","mime_type":"image\/jpeg","media_details":{"width":1200,"height":675,"file":"2026\/04\/1-288.jpg","sizes":{"medium":{"file":"1-288-300x169.jpg","width":300,"height":169,"mime_type":"image\/jpeg","source_url":"https:\/\/kilosorunum.com\/habercim\/wp-content\/uploads\/2026\/04\/1-288-300x169.jpg"},"large":{"file":"1-288-1024x576.jpg","width":1024,"height":576,"mime_type":"image\/jpeg","source_url":"https:\/\/kilosorunum.com\/habercim\/wp-content\/uploads\/2026\/04\/1-288-1024x576.jpg"},"thumbnail":{"file":"1-288-150x150.jpg","width":150,"height":150,"mime_type":"image\/jpeg","source_url":"https:\/\/kilosorunum.com\/habercim\/wp-content\/uploads\/2026\/04\/1-288-150x150.jpg"},"medium_large":{"file":"1-288-768x432.jpg","width":768,"height":432,"mime_type":"image\/jpeg","source_url":"https:\/\/kilosorunum.com\/habercim\/wp-content\/uploads\/2026\/04\/1-288-768x432.jpg"},"kucukResim":{"file":"1-288-80x50.jpg","width":80,"height":50,"mime_type":"image\/jpeg","source_url":"https:\/\/kilosorunum.com\/habercim\/wp-content\/uploads\/2026\/04\/1-288-80x50.jpg"},"sliderResim":{"file":"1-288-670x330.jpg","width":670,"height":330,"mime_type":"image\/jpeg","source_url":"https:\/\/kilosorunum.com\/habercim\/wp-content\/uploads\/2026\/04\/1-288-670x330.jpg"},"resim1":{"file":"1-288-184x140.jpg","width":184,"height":140,"mime_type":"image\/jpeg","source_url":"https:\/\/kilosorunum.com\/habercim\/wp-content\/uploads\/2026\/04\/1-288-184x140.jpg"},"resim2":{"file":"1-288-216x103.jpg","width":216,"height":103,"mime_type":"image\/jpeg","source_url":"https:\/\/kilosorunum.com\/habercim\/wp-content\/uploads\/2026\/04\/1-288-216x103.jpg"},"resim3":{"file":"1-288-145x70.jpg","width":145,"height":70,"mime_type":"image\/jpeg","source_url":"https:\/\/kilosorunum.com\/habercim\/wp-content\/uploads\/2026\/04\/1-288-145x70.jpg"},"sagSlider":{"file":"1-288-300x150.jpg","width":300,"height":150,"mime_type":"image\/jpeg","source_url":"https:\/\/kilosorunum.com\/habercim\/wp-content\/uploads\/2026\/04\/1-288-300x150.jpg"},"yeniSlider":{"file":"1-288-500x290.jpg","width":500,"height":290,"mime_type":"image\/jpeg","source_url":"https:\/\/kilosorunum.com\/habercim\/wp-content\/uploads\/2026\/04\/1-288-500x290.jpg"},"full":{"file":"1-288.jpg","width":1200,"height":675,"mime_type":"image\/jpeg","source_url":"https:\/\/kilosorunum.com\/habercim\/wp-content\/uploads\/2026\/04\/1-288.jpg"}},"image_meta":{"aperture":"0","credit":"","camera":"","caption":"","created_timestamp":"0","copyright":"","focal_length":"0","iso":"0","shutter_speed":"0","title":"","orientation":"0","keywords":[]}},"post":47014,"source_url":"https:\/\/kilosorunum.com\/habercim\/wp-content\/uploads\/2026\/04\/1-288.jpg","_links":{"self":[{"href":"https:\/\/kilosorunum.com\/habercim\/wp-json\/wp\/v2\/media\/47016"}],"collection":[{"href":"https:\/\/kilosorunum.com\/habercim\/wp-json\/wp\/v2\/media"}],"about":[{"href":"https:\/\/kilosorunum.com\/habercim\/wp-json\/wp\/v2\/types\/attachment"}],"author":[{"embeddable":true,"href":"https:\/\/kilosorunum.com\/habercim\/wp-json\/wp\/v2\/users\/2"}],"replies":[{"embeddable":true,"href":"https:\/\/kilosorunum.com\/habercim\/wp-json\/wp\/v2\/comments?post=47016"}]}}