{"id":47081,"date":"2026-04-26T16:58:26","date_gmt":"2026-04-26T13:58:26","guid":{"rendered":"https:\/\/kilosorunum.com\/habercim\/wp-content\/uploads\/2026\/04\/1-313.jpg"},"modified":"2026-04-26T16:59:00","modified_gmt":"2026-04-26T13:59:00","slug":"1-6048","status":"inherit","type":"attachment","link":"https:\/\/kilosorunum.com\/habercim\/foto-galeri\/gullunun-kizi-2\/attachment\/1-6048\/","title":{"rendered":"G\u00fcll\u00fc\u2019n\u00fcn k\u0131z\u0131"},"author":2,"comment_status":"open","ping_status":"closed","template":"","meta":[],"description":{"rendered":"<p class=\"attachment\"><a href='https:\/\/kilosorunum.com\/habercim\/wp-content\/uploads\/2026\/04\/1-313.jpg'><img width=\"300\" height=\"169\" src=\"https:\/\/kilosorunum.com\/habercim\/wp-content\/uploads\/2026\/04\/1-313-300x169.jpg\" class=\"attachment-medium size-medium\" alt=\"\" loading=\"lazy\" srcset=\"https:\/\/kilosorunum.com\/habercim\/wp-content\/uploads\/2026\/04\/1-313-300x169.jpg 300w, https:\/\/kilosorunum.com\/habercim\/wp-content\/uploads\/2026\/04\/1-313-1024x576.jpg 1024w, https:\/\/kilosorunum.com\/habercim\/wp-content\/uploads\/2026\/04\/1-313-768x432.jpg 768w, https:\/\/kilosorunum.com\/habercim\/wp-content\/uploads\/2026\/04\/1-313.jpg 1200w\" sizes=\"(max-width: 300px) 100vw, 300px\" \/><\/a><\/p>\n"},"caption":{"rendered":"<p>T\u00fcrkiye\u2019yi yasa bo\u011fan \u00fcnl\u00fc sanat\u00e7\u0131 G\u00fcll\u00fc\u2019n\u00fcn \u00f6l\u00fcm\u00fcyle ilgili soru\u015fturmada sular durulmuyor. \u201cTasarlayarak yak\u0131n akrabay\u0131 \u00f6ld\u00fcrmek\u201d su\u00e7lamas\u0131yla tutuklanarak Gebze Cezaevi\u2019ne g\u00f6nderilen Tu\u011fyan \u00dclkem G\u00fclter, sessizli\u011fini bozdu. Annesini pencereden att\u0131\u011f\u0131 iddia edilen ve arkada\u015f\u0131 Sultan Nur Ulu\u2019nun itiraflar\u0131yla parmakl\u0131klar ard\u0131na giren G\u00fclter, hakk\u0131ndaki cinayet su\u00e7lamalar\u0131na sert yan\u0131tlar vererek hedefindeki ismi a\u00e7\u0131klad\u0131. G\u00fcll\u00fc\u2019n\u00fcn \u00f6l\u00fcm\u00fcn\u00fcn ard\u0131ndan cinayet zanl\u0131s\u0131 olarak g\u00f6zalt\u0131na al\u0131nan ve tutuklunan G\u00fcll\u00fc\u2019n\u00fcn k\u0131z\u0131 Tu\u011fyan \u00dclkem G\u00fclter, a\u00e7\u0131klamalarda g\u00fcndemdeki sorular\u0131 yan\u0131tlad\u0131. \u201cCinayet su\u00e7lamas\u0131ndan aklanaca\u011f\u0131n\u0131z\u0131 d\u00fc\u015f\u00fcn\u00fcyor musunuz?\u201d sorusuna G\u00fclter, \u201cBu a\u011f\u0131r iftiralar\u0131n, toplum taraf\u0131ndan u\u011frad\u0131\u011f\u0131m zulm\u00fcn ba\u015flang\u0131c\u0131 Ferdi Ayd\u0131n ve ona inananlard\u0131r. Onu Allah\u2019a havale ediyorum. \u0130nanc\u0131m tam. Bunu en \u00e7ok annem rahat uyusun diye ve k\u0131z\u0131m i\u00e7in sab\u0131rs\u0131zl\u0131kla bekliyorum. Benim vicdan\u0131m \u00e7ok rahat lakin beni buraya sokan, lin\u00e7 eden, susaca\u011f\u0131m\u0131 ya da susturabileceklerini zanneden insanlar\u0131n vicdan\u0131 rahat m\u0131?\u201d yan\u0131t\u0131n\u0131 verdi.<br \/>\nSultan Nur Ulu\u2019nun itiraf\u0131yla G\u00fcll\u00fc\u2019n\u00fcn \u00f6l\u00fcm\u00fcyle ilgili y\u00fcr\u00fct\u00fclen soru\u015fturmada seyir de\u011fi\u015fti. Ulu\u2019nun; \u201cTu\u011fyan\u2019\u0131n G\u00fcl anneyi pencereden att\u0131\u011f\u0131n\u0131 net bir \u015fekilde g\u00f6rd\u00fcm\u201d itiraf\u0131 sonras\u0131nda Tu\u011fyan \u00dclkem G\u00fclter, ge\u00e7ti\u011fimiz hafta tutuklan\u0131p, cezaevine g\u00f6nderildi. Tu\u011fyan \u00dclkem G\u00fclter\u2019in tutuklanmas\u0131 sonras\u0131nda karde\u015fi Tu\u011fberk Ya\u011f\u0131z G\u00fclter ise \u2018\u015fikayet\u00e7i\u2019 s\u0131fat\u0131yla savc\u0131l\u0131\u011fa ifade vererek \u201cAnnem, cinayet sebebiyle \u00f6lm\u00fc\u015fse herkesten \u015fik\u00e2yet\u00e7iyim\u201d dedi. G\u00fclter, ayr\u0131ca; ablas\u0131n\u0131n eski ni\u015fanl\u0131s\u0131 i\u00e7in annesini \u00f6ld\u00fcrebilece\u011fini d\u00fc\u015f\u00fcnd\u00fc\u011f\u00fcn\u00fc belirterek; \u201cAblam hayat\u0131ndaki erkek i\u00e7in etraf\u0131n\u0131 siler. Ablam Kervan\u2019\u0131 \u00e7ok seviyordu. Annem Kervan\u2019\u0131n evli olmas\u0131 ve amcas\u0131yla ya\u015fad\u0131\u011f\u0131 diyalog nedeniyle aralar\u0131 bozuktu. Tu\u011fyan, Kervan i\u00e7in her \u015feyi yapabilir. Onun u\u011fruna yapamayaca\u011f\u0131 \u015fey yoktur\u201d ifadesini de kulland\u0131. Habert\u00fcrk\u2019\u00fcn haberine g\u00f6re Tu\u011fyan \u00dclkem G\u00fclter, olay gecesi; \u201cG\u00fcll\u00fc\u2019n\u00fcn \u00f6l\u00fcm an\u0131na tan\u0131k oldum\u201d diyen arkada\u015f\u0131 Sultan Nur Ulu i\u00e7in; \u201cSultan\u2019dan yana hi\u00e7 beklemezdim. B\u00fcy\u00fck hayal k\u0131r\u0131kl\u0131\u011f\u0131 ve ac\u0131 i\u00e7indeyim. Benden korkuyorsa neden aylarca yan\u0131mda yatt\u0131, koynumda a\u011flad\u0131? Ama beni de y\u00f6nlendirmeye \u00e7al\u0131\u015ft\u0131lar. Fakat ben g\u00fcnah vebal almam. Sultan\u2019a, \u2018Rapor k\u00f6t\u00fc geldi kendini kurtar\u2019 dediler. B\u00fcy\u00fck bir ac\u0131 iftiran\u0131n kalbimde kaplad\u0131\u011f\u0131 b\u00fcy\u00fck bir yara hissediyorum ama her \u015fey ge\u00e7ecek biliyorum\u201d ifadesini kulland\u0131.<\/p>\n<p>Tu\u011fyan \u00dclkem G\u00fclter\u2019in arkada\u015f\u0131 Sultan Nur Ulu ile g\u00f6zalt\u0131na al\u0131nd\u0131\u011f\u0131 ayn\u0131 g\u00fcn annesinin mezar\u0131n\u0131 ziyaret etti\u011fi ortaya \u00e7\u0131km\u0131\u015ft\u0131. G\u00f6zalt\u0131na al\u0131nmadan saatler \u00f6ncesinde annenizin mezar\u0131n\u0131 ziyaret etti\u011finizi \u00f6\u011frenmi\u015ftik. Bu ilk ziyaret miydi?<br \/>\n\u201cSaatlerce kald\u0131m. Ba\u011f\u0131rarak bana \u2018katil\u2019 dediler diye a\u011flad\u0131m. \u2018Kalk\u2019 dedim ya da \u2018beni de al\u2019 dedim. Susmuyorlar, su\u00e7luyorlar dedim. \u0130nanm\u0131yorlar, inanmayacaklar dedim. Sizlerin duymas\u0131n\u0131 istemedim, o \u00e7\u0131\u011fl\u0131klar\u0131 att\u0131m. Asl\u0131nda ben beni su\u00e7layanlar\u0131, anneme \u015fik\u00e2yet ettim.\u201d<br \/>\nG\u00dcLL\u00dc, KIZI TU\u011eYAN\u2019IN Y\u00dcZ\u00dcN\u00dc KAMERAYA TANITMADI MI?<\/p>\n<p>G\u00fcll\u00fc\u2019n\u00fcn \u015fifreli ve kameral\u0131 kap\u0131 takt\u0131rd\u0131\u011f\u0131 g\u00fcn firma personeli; \u201cBa\u015fka bir odadan bir kad\u0131n\u0131n sesi geliyordu\u201d dedi. O ki\u015fi siz miydiniz? Anneniz, sizin y\u00fcz\u00fcn\u00fcz\u00fc kameraya tan\u0131tmad\u0131 m\u0131?<\/p>\n<p>Evdeki kap\u0131ya kamera tak\u0131l\u0131rken evde yoktum. Karde\u015fim, teknolojik \u015feylerle ilgilenirdi. Annem, sanat\u00e7\u0131 arkada\u015f\u0131n\u0131n evinde g\u00f6r\u00fcyor ve bizim eve de takt\u0131r\u0131yor.<br \/>\n\u00c7\u0130\u011eDEM ABLA B\u0130ZE KALAN EMANET\u201d<\/p>\n<p>Peki G\u00fcll\u00fc\u2019n\u00fcn d\u00fc\u015ft\u00fc\u011f\u00fc g\u00fcn, televizyon program\u0131na ba\u011flan\u0131p; \u201cRoman havas\u0131 oynarken k\u0131zlar\u0131n g\u00f6zleri \u00f6n\u00fcnde d\u00fc\u015ft\u00fc\u201d diyen asistan \u00c7i\u011fdem Deniz i\u00e7in ne dersiniz?<\/p>\n<p>\u00c7i\u011fdem abla benim ci\u011ferim. Karde\u015fimden sonra bize kalan tek emanet.<br \/>\n\u201cV\u0130CDANIM RAHAT\u201d<\/p>\n<p>Cinayet su\u00e7lamas\u0131ndan aklanaca\u011f\u0131n\u0131z\u0131 d\u00fc\u015f\u00fcn\u00fcyor musunuz?<\/p>\n<p>Bu a\u011f\u0131r iftiralar\u0131n, toplum taraf\u0131ndan u\u011frad\u0131\u011f\u0131m zulm\u00fcn ba\u015flang\u0131c\u0131 Ferdi Ayd\u0131n ve ona inananlard\u0131r. Onu Allah\u2019a havale ediyorum. \u0130nanc\u0131m tam. Bunu en \u00e7ok annem rahat uyusun diye ve k\u0131z\u0131m i\u00e7in sab\u0131rs\u0131zl\u0131kla bekliyorum. Benim vicdan\u0131m \u00e7ok rahat lakin beni buraya sokan, lin\u00e7 eden, susaca\u011f\u0131m\u0131 ya da susturabileceklerini zanneden insanlar\u0131n vicdan\u0131 rahat m\u0131?<br \/>\n\u201cSABAHLARA KADAR GE\u00c7M\u0130\u015e\u0130M KONU\u015eULDU\u201d<\/p>\n<p>Cezaevine girdi\u011finiz ilk g\u00fcn \u00f6zele\u015ftiri yapt\u0131n\u0131z m\u0131?<\/p>\n<p>Haks\u0131zl\u0131\u011fa u\u011framan\u0131n muhasebesini buna sebep olanlar yapmal\u0131. Toplum b\u0131kmadan sabahlara kadar bir kad\u0131n\u0131n ge\u00e7mi\u015fini namusunu haysiyetini ayaklar alt\u0131na alan, ya\u015fad\u0131\u011f\u0131 ac\u0131y\u0131 yok sayan ve en ac\u0131s\u0131 bir evlad\u0131 oldu\u011funu unutarak ya\u015fatt\u0131klar\u0131 bask\u0131yla benim burada olmam\u0131 sa\u011flayan insanlar\u0131 alk\u0131\u015flayan toplum ele\u015ftirisini de \u00f6z ele\u015ftirisini de kendisi yaps\u0131n. Hakl\u0131 olman\u0131n getirdi\u011fi huzur burada olman\u0131n yang\u0131n\u0131 ile kar\u0131\u015fm\u0131\u015f olsa da bir g\u00fcn buradan \u00e7\u0131kaca\u011f\u0131m\u0131 biliyorum.<br \/>\n\u201cET TIRNAKTAN AYRILMAZ, KARDE\u015e\u0130M TU\u011eBERK\u2019\u0130 SEV\u0130YORUM\u201d<\/p>\n<p>Karde\u015finiz Tu\u011fberk savc\u0131l\u0131k ifadesinde; \u201cAblam\u0131n 10 laf\u0131ndan 9\u2019u yaland\u0131r\u201d dedi. Bu s\u00f6zler i\u00e7in ne dersiniz?<\/p>\n<p>Et t\u0131rnaktan ayr\u0131lmaz onun da ne kadar zor s\u00fcre\u00e7 ge\u00e7irdi\u011finin fark\u0131nday\u0131m. Bu toplum beni katil ilan etti ama karde\u015fimi bana d\u00fc\u015fman edemezler. Ablas\u0131 onu \u00e7ok seviyor. O da bunu biliyor. Ben G\u00fcll\u00fc\u2019n\u00fcn, annemin k\u0131z\u0131y\u0131m. Onun gibi g\u00fc\u00e7l\u00fc duraca\u011f\u0131m. \u0130lahi adalet er ya da ge\u00e7 yerini bulacak. S\u00fcre\u00e7 ne kadar s\u00fcrerse s\u00fcrs\u00fcn, ben pes etmeyece\u011fim.<\/p>\n<p>Kaynak : sabah.com.tr<\/p>\n"},"alt_text":"","media_type":"image","mime_type":"image\/jpeg","media_details":{"width":1200,"height":675,"file":"2026\/04\/1-313.jpg","sizes":{"medium":{"file":"1-313-300x169.jpg","width":300,"height":169,"mime_type":"image\/jpeg","source_url":"https:\/\/kilosorunum.com\/habercim\/wp-content\/uploads\/2026\/04\/1-313-300x169.jpg"},"large":{"file":"1-313-1024x576.jpg","width":1024,"height":576,"mime_type":"image\/jpeg","source_url":"https:\/\/kilosorunum.com\/habercim\/wp-content\/uploads\/2026\/04\/1-313-1024x576.jpg"},"thumbnail":{"file":"1-313-150x150.jpg","width":150,"height":150,"mime_type":"image\/jpeg","source_url":"https:\/\/kilosorunum.com\/habercim\/wp-content\/uploads\/2026\/04\/1-313-150x150.jpg"},"medium_large":{"file":"1-313-768x432.jpg","width":768,"height":432,"mime_type":"image\/jpeg","source_url":"https:\/\/kilosorunum.com\/habercim\/wp-content\/uploads\/2026\/04\/1-313-768x432.jpg"},"kucukResim":{"file":"1-313-80x50.jpg","width":80,"height":50,"mime_type":"image\/jpeg","source_url":"https:\/\/kilosorunum.com\/habercim\/wp-content\/uploads\/2026\/04\/1-313-80x50.jpg"},"sliderResim":{"file":"1-313-670x330.jpg","width":670,"height":330,"mime_type":"image\/jpeg","source_url":"https:\/\/kilosorunum.com\/habercim\/wp-content\/uploads\/2026\/04\/1-313-670x330.jpg"},"resim1":{"file":"1-313-184x140.jpg","width":184,"height":140,"mime_type":"image\/jpeg","source_url":"https:\/\/kilosorunum.com\/habercim\/wp-content\/uploads\/2026\/04\/1-313-184x140.jpg"},"resim2":{"file":"1-313-216x103.jpg","width":216,"height":103,"mime_type":"image\/jpeg","source_url":"https:\/\/kilosorunum.com\/habercim\/wp-content\/uploads\/2026\/04\/1-313-216x103.jpg"},"resim3":{"file":"1-313-145x70.jpg","width":145,"height":70,"mime_type":"image\/jpeg","source_url":"https:\/\/kilosorunum.com\/habercim\/wp-content\/uploads\/2026\/04\/1-313-145x70.jpg"},"sagSlider":{"file":"1-313-300x150.jpg","width":300,"height":150,"mime_type":"image\/jpeg","source_url":"https:\/\/kilosorunum.com\/habercim\/wp-content\/uploads\/2026\/04\/1-313-300x150.jpg"},"yeniSlider":{"file":"1-313-500x290.jpg","width":500,"height":290,"mime_type":"image\/jpeg","source_url":"https:\/\/kilosorunum.com\/habercim\/wp-content\/uploads\/2026\/04\/1-313-500x290.jpg"},"full":{"file":"1-313.jpg","width":1200,"height":675,"mime_type":"image\/jpeg","source_url":"https:\/\/kilosorunum.com\/habercim\/wp-content\/uploads\/2026\/04\/1-313.jpg"}},"image_meta":{"aperture":"0","credit":"","camera":"","caption":"","created_timestamp":"0","copyright":"","focal_length":"0","iso":"0","shutter_speed":"0","title":"","orientation":"0","keywords":[]}},"post":47079,"source_url":"https:\/\/kilosorunum.com\/habercim\/wp-content\/uploads\/2026\/04\/1-313.jpg","_links":{"self":[{"href":"https:\/\/kilosorunum.com\/habercim\/wp-json\/wp\/v2\/media\/47081"}],"collection":[{"href":"https:\/\/kilosorunum.com\/habercim\/wp-json\/wp\/v2\/media"}],"about":[{"href":"https:\/\/kilosorunum.com\/habercim\/wp-json\/wp\/v2\/types\/attachment"}],"author":[{"embeddable":true,"href":"https:\/\/kilosorunum.com\/habercim\/wp-json\/wp\/v2\/users\/2"}],"replies":[{"embeddable":true,"href":"https:\/\/kilosorunum.com\/habercim\/wp-json\/wp\/v2\/comments?post=47081"}]}}