{"id":47106,"date":"2026-04-27T12:02:49","date_gmt":"2026-04-27T09:02:49","guid":{"rendered":"https:\/\/kilosorunum.com\/habercim\/wp-content\/uploads\/2026\/04\/1-320.jpg"},"modified":"2026-04-27T12:03:23","modified_gmt":"2026-04-27T09:03:23","slug":"1-6055","status":"inherit","type":"attachment","link":"https:\/\/kilosorunum.com\/habercim\/genel\/donald-trump\/attachment\/1-6055\/","title":{"rendered":"Donald Trump"},"author":2,"comment_status":"open","ping_status":"closed","template":"","meta":[],"description":{"rendered":"<p class=\"attachment\"><a href='https:\/\/kilosorunum.com\/habercim\/wp-content\/uploads\/2026\/04\/1-320.jpg'><img width=\"300\" height=\"169\" src=\"https:\/\/kilosorunum.com\/habercim\/wp-content\/uploads\/2026\/04\/1-320-300x169.jpg\" class=\"attachment-medium size-medium\" alt=\"\" loading=\"lazy\" srcset=\"https:\/\/kilosorunum.com\/habercim\/wp-content\/uploads\/2026\/04\/1-320-300x169.jpg 300w, https:\/\/kilosorunum.com\/habercim\/wp-content\/uploads\/2026\/04\/1-320-1024x576.jpg 1024w, https:\/\/kilosorunum.com\/habercim\/wp-content\/uploads\/2026\/04\/1-320-768x432.jpg 768w, https:\/\/kilosorunum.com\/habercim\/wp-content\/uploads\/2026\/04\/1-320.jpg 1200w\" sizes=\"(max-width: 300px) 100vw, 300px\" \/><\/a><\/p>\n"},"caption":{"rendered":"<p>ABD medyas\u0131: Ate\u015fkesin L\u00fcbnan\u2019\u0131 da kapsamas\u0131n\u0131 kabul eden Trump, Netanyahu ile g\u00f6r\u00fc\u015fmesinde fikir de\u011fi\u015ftirdi. ABD Ba\u015fkan\u0131 Donald Trump\u2019\u0131n, ABD ile \u0130ran aras\u0131ndaki ge\u00e7ici ate\u015fkesin L\u00fcbnan\u2019\u0131 da kapsamas\u0131n\u0131 ilk ba\u015fta kabul etti\u011fi ancak \u0130srail Ba\u015fbakan\u0131 Binyamin Netanyahu ile yapt\u0131\u011f\u0131 telefon g\u00f6r\u00fc\u015fmesinin ard\u0131ndan fikrini de\u011fi\u015ftirdi\u011fi \u00f6ne s\u00fcr\u00fcld\u00fc.<br \/>\nAmerikan CBS News kanal\u0131na konu\u015fan ve ad\u0131 a\u00e7\u0131klanmayan iki kaynak, Trump\u2019\u0131n, L\u00fcbnan\u2019la ilgili tutumunun nas\u0131l de\u011fi\u015fti\u011fini aktard\u0131.<\/p>\n<p>Habere g\u00f6re, ABD Ba\u015fkan\u0131 Trump, ilk ba\u015fta L\u00fcbnan\u2019\u0131n da ge\u00e7ici ate\u015fkes anla\u015fmas\u0131na dahil edilmesine onay verdi.<\/p>\n<p>G\u00f6r\u00fc\u015fmelere arac\u0131l\u0131k eden ki\u015filer de L\u00fcbnan\u2019\u0131n anla\u015fman\u0131n bir par\u00e7as\u0131 oldu\u011funu d\u00fc\u015f\u00fcnd\u00fc ve Pakistan Ba\u015fbakan\u0131 \u015eahbaz \u015eerif ile \u0130ran D\u0131\u015fi\u015fleri Bakan\u0131 Abbas Erak\u00e7i gibi isimler kamuoyuna bu y\u00f6nde a\u00e7\u0131klamalar yapt\u0131lar.<\/p>\n<p>Ge\u00e7ici ate\u015fkesin ilan edildi\u011fi g\u00fcn, bir Beyaz Saray yetkilisi CBS News\u2019e, \u201c\u0130srail\u2019in de Pakistan\u2019\u0131n arabuluculu\u011funda sa\u011flanan anla\u015fman\u0131n \u015fartlar\u0131n\u0131 kabul etti\u011fini\u201d s\u00f6yledi.<\/p>\n<p>Ancak ayn\u0131 g\u00fcn Trump ile Netanyahu aras\u0131nda yap\u0131lan telefon g\u00f6r\u00fc\u015fmesinin ard\u0131ndan ABD Ba\u015fkan\u0131\u2019n\u0131n, L\u00fcbnan konusundaki fikri de\u011fi\u015fti ve son a\u00e7\u0131klamalar\u0131nda \u201cL\u00fcbnan\u2019\u0131n Hizbullah\u2019tan dolay\u0131 anla\u015fmaya dahil edilmedi\u011fini\u201d ifade etti.<\/p>\n<p>ABD Ba\u015fkan\u0131 Trump, Amerikan medyas\u0131na d\u00fcn yapt\u0131\u011f\u0131 bir a\u00e7\u0131klamada, L\u00fcbnan\u2019\u0131n anla\u015fmaya dahil edilmedi\u011fini kaydederek, \u201cHizbullah y\u00fcz\u00fcnden. Anla\u015fmaya dahil edilmediler. O mesele de halledilecek. Sorun yok.\u201d diye kar\u015f\u0131l\u0131k vermi\u015fti.<\/p>\n<p>ABD-\u0130ran aras\u0131nda \u0130srail\u2019i de kapsayan ge\u00e7ici ate\u015fkes<br \/>\nABD ve \u0130srail\u2019in \u0130ran\u2019a 28 \u015eubat\u2019ta ba\u015flatt\u0131\u011f\u0131 sald\u0131r\u0131lar\u0131n ard\u0131ndan \u0130ran\u2019\u0131n misillemeleri ile baz\u0131 b\u00f6lge \u00fclkelerine d\u00fczenledi\u011fi sald\u0131r\u0131larla sava\u015fa d\u00f6n\u00fc\u015fen s\u00fcre\u00e7te, ABD Ba\u015fkan\u0131 Donald Trump, 8 Nisan\u2019da saat 01.30 sular\u0131nda ate\u015fkesi kabul etti\u011fini duyurdu.<\/p>\n<p>Trump, H\u00fcrm\u00fcz Bo\u011faz\u0131\u2019n\u0131n a\u00e7\u0131lmas\u0131 \u015fart\u0131yla 2 haftal\u0131k ate\u015fkesi kabul ettiklerini, \u0130ran\u2019dan 10 maddelik teklif ald\u0131klar\u0131n\u0131 ve bunun m\u00fczakere i\u00e7in uygulanabilir bir temel oldu\u011funu ifade etti.<\/p>\n<p>\u201c\u0130ran\u2019\u0131n sava\u015ftaki hedeflerine ula\u015ft\u0131\u011f\u0131\u201d a\u00e7\u0131klamas\u0131nda bulunan \u0130ran Ulusal G\u00fcvenlik Y\u00fcksek Konseyi de nihai m\u00fczakerelerin \u0130slamabad\u2019da en fazla 15 g\u00fcn i\u00e7inde sonu\u00e7land\u0131r\u0131lmas\u0131n\u0131n hedeflendi\u011fini bildirdi.<\/p>\n<p>T\u00fcrkiye, Pakistan ve M\u0131s\u0131r, ABD-\u0130ran aras\u0131ndaki mesaj al\u0131\u015fveri\u015finin s\u00fcrmesi ve sonuca ula\u015fmas\u0131 i\u00e7in yo\u011fun \u00e7aba g\u00f6sterdi.<\/p>\n<p>Ge\u00e7ici ate\u015fkesi destekledi\u011fini a\u00e7\u0131klayan \u0130srail y\u00f6netimi ise uzla\u015fmaya L\u00fcbnan konusunun dahil olmad\u0131\u011f\u0131n\u0131 savunarak L\u00fcbnan\u2019a y\u00f6nelik sald\u0131r\u0131lar\u0131n\u0131 s\u00fcrd\u00fcr\u00fcyor.<\/p>\n<p>Kaynak : trthaber.com<\/p>\n"},"alt_text":"","media_type":"image","mime_type":"image\/jpeg","media_details":{"width":1200,"height":675,"file":"2026\/04\/1-320.jpg","sizes":{"medium":{"file":"1-320-300x169.jpg","width":300,"height":169,"mime_type":"image\/jpeg","source_url":"https:\/\/kilosorunum.com\/habercim\/wp-content\/uploads\/2026\/04\/1-320-300x169.jpg"},"large":{"file":"1-320-1024x576.jpg","width":1024,"height":576,"mime_type":"image\/jpeg","source_url":"https:\/\/kilosorunum.com\/habercim\/wp-content\/uploads\/2026\/04\/1-320-1024x576.jpg"},"thumbnail":{"file":"1-320-150x150.jpg","width":150,"height":150,"mime_type":"image\/jpeg","source_url":"https:\/\/kilosorunum.com\/habercim\/wp-content\/uploads\/2026\/04\/1-320-150x150.jpg"},"medium_large":{"file":"1-320-768x432.jpg","width":768,"height":432,"mime_type":"image\/jpeg","source_url":"https:\/\/kilosorunum.com\/habercim\/wp-content\/uploads\/2026\/04\/1-320-768x432.jpg"},"kucukResim":{"file":"1-320-80x50.jpg","width":80,"height":50,"mime_type":"image\/jpeg","source_url":"https:\/\/kilosorunum.com\/habercim\/wp-content\/uploads\/2026\/04\/1-320-80x50.jpg"},"sliderResim":{"file":"1-320-670x330.jpg","width":670,"height":330,"mime_type":"image\/jpeg","source_url":"https:\/\/kilosorunum.com\/habercim\/wp-content\/uploads\/2026\/04\/1-320-670x330.jpg"},"resim1":{"file":"1-320-184x140.jpg","width":184,"height":140,"mime_type":"image\/jpeg","source_url":"https:\/\/kilosorunum.com\/habercim\/wp-content\/uploads\/2026\/04\/1-320-184x140.jpg"},"resim2":{"file":"1-320-216x103.jpg","width":216,"height":103,"mime_type":"image\/jpeg","source_url":"https:\/\/kilosorunum.com\/habercim\/wp-content\/uploads\/2026\/04\/1-320-216x103.jpg"},"resim3":{"file":"1-320-145x70.jpg","width":145,"height":70,"mime_type":"image\/jpeg","source_url":"https:\/\/kilosorunum.com\/habercim\/wp-content\/uploads\/2026\/04\/1-320-145x70.jpg"},"sagSlider":{"file":"1-320-300x150.jpg","width":300,"height":150,"mime_type":"image\/jpeg","source_url":"https:\/\/kilosorunum.com\/habercim\/wp-content\/uploads\/2026\/04\/1-320-300x150.jpg"},"yeniSlider":{"file":"1-320-500x290.jpg","width":500,"height":290,"mime_type":"image\/jpeg","source_url":"https:\/\/kilosorunum.com\/habercim\/wp-content\/uploads\/2026\/04\/1-320-500x290.jpg"},"full":{"file":"1-320.jpg","width":1200,"height":675,"mime_type":"image\/jpeg","source_url":"https:\/\/kilosorunum.com\/habercim\/wp-content\/uploads\/2026\/04\/1-320.jpg"}},"image_meta":{"aperture":"0","credit":"","camera":"","caption":"","created_timestamp":"0","copyright":"","focal_length":"0","iso":"0","shutter_speed":"0","title":"","orientation":"0","keywords":[]}},"post":47104,"source_url":"https:\/\/kilosorunum.com\/habercim\/wp-content\/uploads\/2026\/04\/1-320.jpg","_links":{"self":[{"href":"https:\/\/kilosorunum.com\/habercim\/wp-json\/wp\/v2\/media\/47106"}],"collection":[{"href":"https:\/\/kilosorunum.com\/habercim\/wp-json\/wp\/v2\/media"}],"about":[{"href":"https:\/\/kilosorunum.com\/habercim\/wp-json\/wp\/v2\/types\/attachment"}],"author":[{"embeddable":true,"href":"https:\/\/kilosorunum.com\/habercim\/wp-json\/wp\/v2\/users\/2"}],"replies":[{"embeddable":true,"href":"https:\/\/kilosorunum.com\/habercim\/wp-json\/wp\/v2\/comments?post=47106"}]}}