{"id":47116,"date":"2026-04-27T15:25:04","date_gmt":"2026-04-27T12:25:04","guid":{"rendered":"https:\/\/kilosorunum.com\/habercim\/wp-content\/uploads\/2026\/04\/1-324.jpg"},"modified":"2026-04-27T15:26:49","modified_gmt":"2026-04-27T12:26:49","slug":"1-6059","status":"inherit","type":"attachment","link":"https:\/\/kilosorunum.com\/habercim\/genel\/miktar\/attachment\/1-6059\/","title":{"rendered":"Miktar"},"author":2,"comment_status":"open","ping_status":"closed","template":"","meta":[],"description":{"rendered":"<p class=\"attachment\"><a href='https:\/\/kilosorunum.com\/habercim\/wp-content\/uploads\/2026\/04\/1-324.jpg'><img width=\"300\" height=\"169\" src=\"https:\/\/kilosorunum.com\/habercim\/wp-content\/uploads\/2026\/04\/1-324-300x169.jpg\" class=\"attachment-medium size-medium\" alt=\"\" loading=\"lazy\" srcset=\"https:\/\/kilosorunum.com\/habercim\/wp-content\/uploads\/2026\/04\/1-324-300x169.jpg 300w, https:\/\/kilosorunum.com\/habercim\/wp-content\/uploads\/2026\/04\/1-324-1024x576.jpg 1024w, https:\/\/kilosorunum.com\/habercim\/wp-content\/uploads\/2026\/04\/1-324-768x432.jpg 768w, https:\/\/kilosorunum.com\/habercim\/wp-content\/uploads\/2026\/04\/1-324.jpg 1200w\" sizes=\"(max-width: 300px) 100vw, 300px\" \/><\/a><\/p>\n"},"caption":{"rendered":"<p>KURBAN BAYRAMI EMEKL\u0130 \u0130KRAM\u0130YES\u0130 NE ZAMAN YATACAK?<br \/>\n2026 y\u0131l\u0131nda Kurban Bayram\u0131 arefesi 26 May\u0131s&#8217;a denk gelecek. Kurban Bayram\u0131 27-30 May\u0131s 2026 tarihlerinde idrak edilecek.<\/p>\n<p>Kurban Bayram\u0131 arefe g\u00fcn\u00fc sal\u0131 g\u00fcn\u00fc ger\u00e7ekle\u015fecek. Bu durumda ikramiye \u00f6demelerinin hafta sonundan \u00f6nce en ge\u00e7 22 May\u0131s 2026 tarihine kadar \u00f6denmesi bekleniyor.<\/p>\n<p>Bayram ikramiyesi \u00f6deme takvimi SGK taraf\u0131ndan a\u00e7\u0131klanacak. Her y\u0131l Ramazan ve Kurban bayramlar\u0131nda geleneksel olarak \u00f6denen bayram ikramiyelerinde bu y\u0131l\u0131n rakamlar\u0131 da netle\u015fti. Bu y\u0131l Ramazan Bayram\u0131 i\u00e7in emeklilere 4 bin lira ikramiye \u00f6demesi yap\u0131ld\u0131. Kurban Bayram\u0131&#8217;nda da 4 bin lira \u00f6deme yap\u0131lmas\u0131 bekleniyor.<\/p>\n<p>\u00d6te yandan, dul ve yetim ayl\u0131\u011f\u0131 alan hak sahiplerinin \u00f6deme miktarlar\u0131 ise kanunla belirlenen hisse oranlar\u0131na g\u00f6re farkl\u0131l\u0131k g\u00f6sterecek.<br \/>\nDiyanet \u0130\u015fleri Ba\u015fkanl\u0131\u011f\u0131&#8217;n\u0131n yay\u0131mlad\u0131\u011f\u0131 takvime g\u00f6re 2026 y\u0131l\u0131nda Kurban Bayram\u0131 tarihleri ve g\u00fcnleri a\u015fa\u011f\u0131da belirtilmi\u015ftir:<\/p>\n<p>Kurban Bayram\u0131 Arifesi: 26 May\u0131s 2026 &#8211; Sal\u0131 (Yar\u0131m G\u00fcn Tatil)<\/p>\n<p>Kurban Bayram\u0131 1. G\u00fcn: 27 May\u0131s 2026 &#8211; \u00c7ar\u015famba<\/p>\n<p>Kurban Bayram\u0131 2. G\u00fcn: 28 May\u0131s 2026 &#8211; Per\u015fembe<\/p>\n<p>Kurban Bayram\u0131 3. G\u00fcn: 29 May\u0131s 2026 &#8211; Cuma<\/p>\n<p>Kurban Bayram\u0131 4. G\u00fcn: 30 May\u0131s 2026 &#8211; Cumartesi<br \/>\nSosyal G\u00fcvenlik Kurumu\u2019ndan (SGK) emekli ayl\u0131\u011f\u0131, ya\u015fl\u0131l\u0131k ayl\u0131\u011f\u0131, vazife malull\u00fc\u011f\u00fc ayl\u0131\u011f\u0131, malull\u00fck ayl\u0131\u011f\u0131, \u00f6l\u00fcm ayl\u0131\u011f\u0131 ile s\u00fcrekli i\u015f g\u00f6remezlik geliri ve \u00f6l\u00fcm geliri alanlar ile \u015fehit yak\u0131nlar\u0131, gaziler, muharip gaziler, g\u00fcvenlik korucular\u0131, \u015fampiyon sporcular ve ter\u00f6rden zarar g\u00f6ren sivil vatanda\u015flar ile bu ki\u015filerin hak sahipleri bayram ikramiyesi alacak.<\/p>\n<p>Kaynak : bigpara.hurriyet.com.tr<\/p>\n"},"alt_text":"","media_type":"image","mime_type":"image\/jpeg","media_details":{"width":1200,"height":675,"file":"2026\/04\/1-324.jpg","sizes":{"medium":{"file":"1-324-300x169.jpg","width":300,"height":169,"mime_type":"image\/jpeg","source_url":"https:\/\/kilosorunum.com\/habercim\/wp-content\/uploads\/2026\/04\/1-324-300x169.jpg"},"large":{"file":"1-324-1024x576.jpg","width":1024,"height":576,"mime_type":"image\/jpeg","source_url":"https:\/\/kilosorunum.com\/habercim\/wp-content\/uploads\/2026\/04\/1-324-1024x576.jpg"},"thumbnail":{"file":"1-324-150x150.jpg","width":150,"height":150,"mime_type":"image\/jpeg","source_url":"https:\/\/kilosorunum.com\/habercim\/wp-content\/uploads\/2026\/04\/1-324-150x150.jpg"},"medium_large":{"file":"1-324-768x432.jpg","width":768,"height":432,"mime_type":"image\/jpeg","source_url":"https:\/\/kilosorunum.com\/habercim\/wp-content\/uploads\/2026\/04\/1-324-768x432.jpg"},"kucukResim":{"file":"1-324-80x50.jpg","width":80,"height":50,"mime_type":"image\/jpeg","source_url":"https:\/\/kilosorunum.com\/habercim\/wp-content\/uploads\/2026\/04\/1-324-80x50.jpg"},"sliderResim":{"file":"1-324-670x330.jpg","width":670,"height":330,"mime_type":"image\/jpeg","source_url":"https:\/\/kilosorunum.com\/habercim\/wp-content\/uploads\/2026\/04\/1-324-670x330.jpg"},"resim1":{"file":"1-324-184x140.jpg","width":184,"height":140,"mime_type":"image\/jpeg","source_url":"https:\/\/kilosorunum.com\/habercim\/wp-content\/uploads\/2026\/04\/1-324-184x140.jpg"},"resim2":{"file":"1-324-216x103.jpg","width":216,"height":103,"mime_type":"image\/jpeg","source_url":"https:\/\/kilosorunum.com\/habercim\/wp-content\/uploads\/2026\/04\/1-324-216x103.jpg"},"resim3":{"file":"1-324-145x70.jpg","width":145,"height":70,"mime_type":"image\/jpeg","source_url":"https:\/\/kilosorunum.com\/habercim\/wp-content\/uploads\/2026\/04\/1-324-145x70.jpg"},"sagSlider":{"file":"1-324-300x150.jpg","width":300,"height":150,"mime_type":"image\/jpeg","source_url":"https:\/\/kilosorunum.com\/habercim\/wp-content\/uploads\/2026\/04\/1-324-300x150.jpg"},"yeniSlider":{"file":"1-324-500x290.jpg","width":500,"height":290,"mime_type":"image\/jpeg","source_url":"https:\/\/kilosorunum.com\/habercim\/wp-content\/uploads\/2026\/04\/1-324-500x290.jpg"},"full":{"file":"1-324.jpg","width":1200,"height":675,"mime_type":"image\/jpeg","source_url":"https:\/\/kilosorunum.com\/habercim\/wp-content\/uploads\/2026\/04\/1-324.jpg"}},"image_meta":{"aperture":"0","credit":"","camera":"","caption":"","created_timestamp":"0","copyright":"","focal_length":"0","iso":"0","shutter_speed":"0","title":"","orientation":"0","keywords":[]}},"post":47114,"source_url":"https:\/\/kilosorunum.com\/habercim\/wp-content\/uploads\/2026\/04\/1-324.jpg","_links":{"self":[{"href":"https:\/\/kilosorunum.com\/habercim\/wp-json\/wp\/v2\/media\/47116"}],"collection":[{"href":"https:\/\/kilosorunum.com\/habercim\/wp-json\/wp\/v2\/media"}],"about":[{"href":"https:\/\/kilosorunum.com\/habercim\/wp-json\/wp\/v2\/types\/attachment"}],"author":[{"embeddable":true,"href":"https:\/\/kilosorunum.com\/habercim\/wp-json\/wp\/v2\/users\/2"}],"replies":[{"embeddable":true,"href":"https:\/\/kilosorunum.com\/habercim\/wp-json\/wp\/v2\/comments?post=47116"}]}}