{"id":47179,"date":"2026-04-28T01:34:54","date_gmt":"2026-04-27T22:34:54","guid":{"rendered":"https:\/\/kilosorunum.com\/habercim\/wp-content\/uploads\/2026\/04\/1-339.jpg"},"modified":"2026-04-28T01:35:22","modified_gmt":"2026-04-27T22:35:22","slug":"1-6074","status":"inherit","type":"attachment","link":"https:\/\/kilosorunum.com\/habercim\/genel\/ateskes\/attachment\/1-6074\/","title":{"rendered":"Ate\u015fkes"},"author":2,"comment_status":"open","ping_status":"closed","template":"","meta":[],"description":{"rendered":"<p class=\"attachment\"><a href='https:\/\/kilosorunum.com\/habercim\/wp-content\/uploads\/2026\/04\/1-339.jpg'><img width=\"300\" height=\"169\" src=\"https:\/\/kilosorunum.com\/habercim\/wp-content\/uploads\/2026\/04\/1-339-300x169.jpg\" class=\"attachment-medium size-medium\" alt=\"\" loading=\"lazy\" srcset=\"https:\/\/kilosorunum.com\/habercim\/wp-content\/uploads\/2026\/04\/1-339-300x169.jpg 300w, https:\/\/kilosorunum.com\/habercim\/wp-content\/uploads\/2026\/04\/1-339-1024x576.jpg 1024w, https:\/\/kilosorunum.com\/habercim\/wp-content\/uploads\/2026\/04\/1-339-768x432.jpg 768w, https:\/\/kilosorunum.com\/habercim\/wp-content\/uploads\/2026\/04\/1-339.jpg 1200w\" sizes=\"(max-width: 300px) 100vw, 300px\" \/><\/a><\/p>\n"},"caption":{"rendered":"<p>Sadece birka\u00e7 g\u00fcn \u00f6nce, Tahran belediyesini y\u00f6neten sertlik yanl\u0131lar\u0131, ba\u015fkentin en i\u015flek kav\u015faklar\u0131ndan birine devasa bir pankart ast\u0131lar.<\/p>\n<p>Pankartta \u201cH\u00fcrm\u00fcz Bo\u011faz\u0131 kapal\u0131 kalacak\u201d yaz\u0131yordu.<\/p>\n<p>Bui ge\u00e7en ay lider olarak atanmas\u0131ndan bu yana kamuoyu \u00f6n\u00fcnde g\u00f6r\u00fclmeyen \u0130ran\u2019\u0131n yeni dini lideri M\u00fccteba Hameney\u2019in talimat\u0131yd\u0131.<\/p>\n<p>Tahran y\u00f6netiminin ABD ve \u0130ran aras\u0131nda arabuluculuk yapan Pakistan\u2019\u0131n istedi\u011fi iki haftal\u0131k ate\u015fkesi ve bo\u011faz\u0131n yeniden a\u00e7\u0131lmas\u0131n\u0131 kabul etmesinden sonra bu pankart\u0131n kald\u0131r\u0131lmas\u0131 gerekebilir.<\/p>\n<p>\u0130ran, ge\u00e7ici bir ate\u015fkesi kabul etmeyece\u011fini ve ABD ile \u0130srail\u2019in \u0130ran\u2019a kar\u015f\u0131 sava\u015f\u0131n\u0131n nihai olarak sona ermesini istedi\u011fini defalarca belirtmi\u015fti. Sertlik yanl\u0131lar\u0131 durumdan memnun de\u011fil. Tahran\u2019dan gelen haberlere g\u00f6re, ate\u015fkes anla\u015fmas\u0131n\u0131n duyurulmas\u0131ndan sonra Amerikan ve \u0130srail bayraklar\u0131n\u0131 yakt\u0131lar.<\/p>\n<p>Devrim Muhaf\u0131zlar\u0131 ile ba\u011flant\u0131l\u0131 g\u00f6n\u00fcll\u00fc milis g\u00fc\u00e7 Besic \u00fcyesi bir grup, karara kar\u015f\u0131 \u00e7\u0131kmak i\u00e7in geceyar\u0131s\u0131 d\u0131\u015fi\u015fleri bakanl\u0131\u011f\u0131na y\u00fcr\u00fcd\u00fc.<\/p>\n<p>Birka\u00e7 saat sonra, sertlik yanl\u0131s\u0131 Kayhan gazetesinin edit\u00f6r\u00fc, ate\u015fkesi kabul etmenin \u201cd\u00fc\u015fmana bir hediye\u201d oldu\u011funu, d\u00fc\u015fman\u0131n ikmal yapmas\u0131na ve sava\u015fa devam etmesine olanak sa\u011flad\u0131\u011f\u0131n\u0131 yazd\u0131.<\/p>\n<p>Kaynak : bbc.com<\/p>\n"},"alt_text":"","media_type":"image","mime_type":"image\/jpeg","media_details":{"width":1200,"height":675,"file":"2026\/04\/1-339.jpg","sizes":{"medium":{"file":"1-339-300x169.jpg","width":300,"height":169,"mime_type":"image\/jpeg","source_url":"https:\/\/kilosorunum.com\/habercim\/wp-content\/uploads\/2026\/04\/1-339-300x169.jpg"},"large":{"file":"1-339-1024x576.jpg","width":1024,"height":576,"mime_type":"image\/jpeg","source_url":"https:\/\/kilosorunum.com\/habercim\/wp-content\/uploads\/2026\/04\/1-339-1024x576.jpg"},"thumbnail":{"file":"1-339-150x150.jpg","width":150,"height":150,"mime_type":"image\/jpeg","source_url":"https:\/\/kilosorunum.com\/habercim\/wp-content\/uploads\/2026\/04\/1-339-150x150.jpg"},"medium_large":{"file":"1-339-768x432.jpg","width":768,"height":432,"mime_type":"image\/jpeg","source_url":"https:\/\/kilosorunum.com\/habercim\/wp-content\/uploads\/2026\/04\/1-339-768x432.jpg"},"kucukResim":{"file":"1-339-80x50.jpg","width":80,"height":50,"mime_type":"image\/jpeg","source_url":"https:\/\/kilosorunum.com\/habercim\/wp-content\/uploads\/2026\/04\/1-339-80x50.jpg"},"sliderResim":{"file":"1-339-670x330.jpg","width":670,"height":330,"mime_type":"image\/jpeg","source_url":"https:\/\/kilosorunum.com\/habercim\/wp-content\/uploads\/2026\/04\/1-339-670x330.jpg"},"resim1":{"file":"1-339-184x140.jpg","width":184,"height":140,"mime_type":"image\/jpeg","source_url":"https:\/\/kilosorunum.com\/habercim\/wp-content\/uploads\/2026\/04\/1-339-184x140.jpg"},"resim2":{"file":"1-339-216x103.jpg","width":216,"height":103,"mime_type":"image\/jpeg","source_url":"https:\/\/kilosorunum.com\/habercim\/wp-content\/uploads\/2026\/04\/1-339-216x103.jpg"},"resim3":{"file":"1-339-145x70.jpg","width":145,"height":70,"mime_type":"image\/jpeg","source_url":"https:\/\/kilosorunum.com\/habercim\/wp-content\/uploads\/2026\/04\/1-339-145x70.jpg"},"sagSlider":{"file":"1-339-300x150.jpg","width":300,"height":150,"mime_type":"image\/jpeg","source_url":"https:\/\/kilosorunum.com\/habercim\/wp-content\/uploads\/2026\/04\/1-339-300x150.jpg"},"yeniSlider":{"file":"1-339-500x290.jpg","width":500,"height":290,"mime_type":"image\/jpeg","source_url":"https:\/\/kilosorunum.com\/habercim\/wp-content\/uploads\/2026\/04\/1-339-500x290.jpg"},"full":{"file":"1-339.jpg","width":1200,"height":675,"mime_type":"image\/jpeg","source_url":"https:\/\/kilosorunum.com\/habercim\/wp-content\/uploads\/2026\/04\/1-339.jpg"}},"image_meta":{"aperture":"0","credit":"","camera":"","caption":"","created_timestamp":"0","copyright":"","focal_length":"0","iso":"0","shutter_speed":"0","title":"","orientation":"0","keywords":[]}},"post":47177,"source_url":"https:\/\/kilosorunum.com\/habercim\/wp-content\/uploads\/2026\/04\/1-339.jpg","_links":{"self":[{"href":"https:\/\/kilosorunum.com\/habercim\/wp-json\/wp\/v2\/media\/47179"}],"collection":[{"href":"https:\/\/kilosorunum.com\/habercim\/wp-json\/wp\/v2\/media"}],"about":[{"href":"https:\/\/kilosorunum.com\/habercim\/wp-json\/wp\/v2\/types\/attachment"}],"author":[{"embeddable":true,"href":"https:\/\/kilosorunum.com\/habercim\/wp-json\/wp\/v2\/users\/2"}],"replies":[{"embeddable":true,"href":"https:\/\/kilosorunum.com\/habercim\/wp-json\/wp\/v2\/comments?post=47179"}]}}